{"id":85,"date":"2016-05-19T02:33:01","date_gmt":"2016-05-19T02:33:01","guid":{"rendered":"https:\/\/www.guillerminabustos.net\/sitio\/?page_id=85"},"modified":"2024-11-08T21:46:05","modified_gmt":"2024-11-08T21:46:05","slug":"textos","status":"publish","type":"page","link":"https:\/\/www.guillerminabustos.net\/sitio\/textos\/","title":{"rendered":"> textos"},"content":{"rendered":"\n<p>Textos y publicaciones de autor\u00eda propia y compartida en espa\u00f1ol y portugu\u00e9s \/ Textos e publica\u00e7\u00f5es de autoria pr\u00f3pria e em coautoria em espanhol e portugu\u00eas.<\/p>\n\n\n<p><strong>ARTE Y PROCESOS SOCIALES \/ <span style=\"color: #808080;\">ARTE E PROCESSOS SOCIAIS<\/span><\/strong><\/p>\n<p><a href=\"https:\/\/poderpopular.net\/sitio\/libro\/\"><em><strong>Incerteza\/\u00e7a e Interpelaci\u00f3n\/\u00e7\u00e3o.<\/strong> <i>Herramientas de trabajo para el Poder Popular \/ Relaciones entre arte contempor\u00e1neo y procesos sociales<\/i>.<\/em><\/a> + Jorge Sep\u00falveda T. + Paulina Mart\u00ednez + Pablo Espinoza y otros autores [2022]\u00a0<\/p>\n<p><a href=\"https:\/\/www.cooperativadearte.org\/niued\/descarga-gratuita-de-fanzine-espacio-de-fala\/\"><em>ESPACIO DE FALA, [arte contempor\u00e1neo, g\u00e9nero y sexualidad]<\/em><\/a>. + Bel\u00e9n Charpentier + Luciana Serrano, + Federico de la Puente + Jorge Sep\u00falveda T. [2019]<\/p>\n<p><a href=\"http:\/\/www.curatoriaforense.net\/niued\/?p=2784\"><em>DO IT AGAIN. Residencias y comunidades. Longevidad, seguimiento y nomadismo: \u00bfC\u00f3mo sobrevivir al tiempo y el espacio?<\/em><\/a> + Jorge Sep\u00falveda T. [2018]<\/p>\n<p><a href=\"http:\/\/www.curatoriaforense.net\/niued\/?p=2753\"><em>Imaginar sin im\u00e1genes. una aproximaci\u00f3n colectiva al arte de comunidad y procesos sociales, <\/em><\/a>en libro <strong>COMUNITARIA, experiencias de arte y comunidad.\u00a0<\/strong>+ Jorge Sep\u00falveda T. [2018]\u00a0<\/p>\n<p><a href=\"http:\/\/www.curatoriaforense.net\/niued\/?p=2714\"><em>el arte como herramienta para la acci\u00f3n pol\u00edtica, <\/em><\/a>en libro <strong>Residencias de Arte Contempor\u00e1neo SOCIAL SUMMER CAMP, Villa Alegre Chile.\u00a0<\/strong>+ Jorge Sep\u00falveda T. [2017]<\/p>\n<p><em><a href=\"http:\/\/www.curatoriaforense.net\/niued\/?p=2631\" target=\"_blank\" rel=\"noopener noreferrer\">es dif\u00edcil decir que no pensamos en una pedagog\u00eda de la acci\u00f3n<\/a>.<\/em> + Jorge Sep\u00falveda T. [2016]<\/p>\n<p><a href=\"http:\/\/repositorio.uchile.cl\/handle\/2250\/143372\"><em>el arte contempor\u00e1neo como m\u00e9todo de investigaci\u00f3n.<\/em><\/a> [2016]<\/p>\n<p><strong>ECONOM\u00cdA Y MERCADO DE ARTE\u00a0<br \/><\/strong><\/p>\n<p><a href=\"https:\/\/www.academia.edu\/120888034\/MANUAL_DE_INVERSI%C3%93N_EN_ARTE_CULTURA_Y_SOCIEDAD\"><em><strong>MANUAL DE INVERSI\u00d3N<\/strong> EN ARTE, CULTURA Y SOCIEDAD<\/em><\/a> + Jorge Sep\u00falveda T. + Francisca Paris, e otros autores [2021]<\/p>\n<p><em><a href=\"https:\/\/www.trabajadoresdearte.org\/sitio\/manual-de-accion\/\"><strong>MANUAL DE ACCI\u00d3N<\/strong> para los Derechos Laborales.<\/a><\/em> + Jorge Sep\u00falveda T. e otros autores [2021]<\/p>\n<p><a href=\"http:\/\/www.cooperativadearte.org\/ediciones_digitales\/accion_transaccion.html\"><em>Acci\u00f3n \/ Transacci\u00f3n,econom\u00eda y mercado\u00a0<\/em><\/a><em>de arte contempor\u00e1neo. <\/em>+ Jorge Sep\u00falveda T. [2019]<\/p>\n<p><strong><br \/>ANALISIS DE SISTEMA DE ARTE<\/strong><\/p>\n<p><em><a href=\"https:\/\/curatoriaforense.net\/niued\/?p=3251\">VALIDAR CAPACIDADES Y DISCUTIR POL\u00cdTICAS. Sobre Bienales de Arte en Am\u00e9rica Latina.<\/a> <\/em>+ Jorge Sep\u00falveda T. + Federico de la Puente [2024]<\/p>\n<p><a href=\"https:\/\/www.cooperativadearte.org\/sistematicayseductora\/investigacion\/#fanzine2023\"><em>Sistem\u00e1tica y Seductora. Bienales de Arte en Am\u00e9rica Latina.<\/em><\/a> + Jorge Sep\u00falveda T. + Federico de la Puente + Bel\u00e9n Charpentier. [2023]<\/p>\n<p><a href=\"https:\/\/terremoto.mx\/estructuras-vivientes-el-arte-como-experiencia-plural-xiv-bienal-de-cuenca-ecuador\/\"><em>SOPORTAR LAS EVIDENCIAS, politizar el archivo, habitar las micropol\u00edticas<\/em><strong><br \/><\/strong><em>Un an\u00e1lisis sobre Bienales de Arte Contempor\u00e1neo en Am\u00e9rica Latina y el caso de la Bienal de Cuenca (Ecuador)\u00a0\u00a0<\/em><\/a>+ Jorge Sep\u00falveda T. [2019]<\/p>\n<p><a href=\"http:\/\/www.cooperativadearte.org\/_encuentros\/2018_02_modelos_de_residencia\/docs\/\"><em>La Imposibilidad de la Pedagog\u00eda<\/em>.<\/a><em> Arte Contempor\u00e1neo y la muerte del paradigma moderno, <\/em>en fanzine <strong>MODELOS DE RESIDENCIA<\/strong> <em>+ <\/em>Jorge Sep\u00falveda T. [2018]<\/p>\n<p><em><a href=\"https:\/\/vadb.org\/articles\/escenas-locales-no-todo-esta-hecho-afortunadamente\">Escenas locales, no todo esta hecho, afortunadamente. <\/a><\/em>+ Jorge Sep\u00falveda T. [2018]<\/p>\n<p><em><a href=\"http:\/\/www.curatoriaforense.net\/niued\/?p=2621\">una pretensi\u00f3n libertador y una predisposici\u00f3n de orden. Gestiones aut\u00f3nomas de arte contempor\u00e1neo en Am\u00e9rica Latina.<\/a><\/em> + Jorge Sep\u00falveda T. [2016]<\/p>\n<p><a href=\"http:\/\/www.curatoriaforense.net\/niued\/?p=2522\" target=\"_blank\" rel=\"noopener noreferrer\"><em>danzar incesantemente. arte, gesti\u00f3n y autonom\u00eda.<\/em><\/a> + Jorge Sep\u00falveda T. [2015]<\/p>\n<p><em><a href=\"https:\/\/www.guillerminabustos.net\/sitio\/2015\/12\/23\/la-realidad-del-unicornio\/\" target=\"_blank\" rel=\"noopener noreferrer\">la realidad del unicornio.<\/a><\/em> [2015]<\/p>\n<p><a href=\"https:\/\/www.guillerminabustos.net\/sitio\/2012\/10\/11\/la-anoranza-del-estatuto-disciplinar\/\"><em>la a\u00f1oranza del estatuto disciplinar.<\/em><\/a> [2011]<\/p>\n<p><strong>HISTORIA DE ARTE<\/strong><\/p>\n<p><a href=\"https:\/\/www.guillerminabustos.net\/sitio\/2010\/10\/14\/jorge-bonino\/\" target=\"_blank\" rel=\"noopener noreferrer\"><em>Jorge Bonino. <\/em><\/a>+ Manuel Molina. [2010-2012]<\/p>\n<p><a href=\"https:\/\/www.guillerminabustos.net\/sitio\/2014\/11\/23\/el-orador-indisciplinado-performatividad-en-la-obra-de-jorge-bonino\/\" target=\"_blank\" rel=\"noopener noreferrer\"><em>el orador indisciplinado. performatividad en la obra de Jorge Bonino<\/em><\/a>\u00a0[2014]<\/p>\n<p><strong>TEXTOS CURATORIALES<\/strong><\/p>\n<p><a href=\"https:\/\/www.guillerminabustos.net\/sitio\/2012\/12\/21\/arte-avanzado\/\" target=\"_blank\" rel=\"noopener noreferrer\"><em>Arte Avanzado<\/em><\/a>. + Manuel Molina, Juan Gugger y Paz Chasseing.\u00a0[2012]<\/p>\n<p><a href=\"https:\/\/www.guillerminabustos.net\/sitio\/2013\/09\/22\/limbo\/\" target=\"_blank\" rel=\"noopener noreferrer\"><em>limbo<\/em><\/a>. [2013]<\/p>\n<p><em><a href=\"http:\/\/www.ramona.org.ar\/node\/51340\" target=\"_blank\" rel=\"noopener noreferrer\">tus espacios pl\u00e1sticos<\/a>.<\/em>\u00a0[2014]<\/p>\n<p><a href=\"http:\/\/www.curatoriaforense.net\/niued\/?p=2639\" target=\"_blank\" rel=\"noopener noreferrer\"><em>el nombre de lo que escapa.<\/em><\/a> + Jorge Sep\u00falveda T. [2016]<\/p>\n<p><em><a href=\"http:\/\/www.curatoriaforense.net\/niued\/?p=2671\">los \u00f3rdenes y sus consecuencias.<\/a> <\/em>+ Jorge Sep\u00falveda T. [2016]<\/p>\n<p><strong>TEXTOS DE OTROS AUTORES SOBRE MI TRABAJO<\/strong><\/p>\n<p><em><a href=\"https:\/\/www.guillerminabustos.net\/sitio\/2015\/12\/13\/amor-usado-perder-la-metafora\/\" target=\"_blank\" rel=\"noopener noreferrer\">AMOR USADO. perder la met\u00e1fora.<\/a><\/em> Jorge Sep\u00falveda T. [2015]<\/p>\n<p><em><a href=\"http:\/\/atelierpopulaire.wix.com\/home#!publicacin\/c21ph\" target=\"_blank\" rel=\"noopener noreferrer\">Atelier Populaire<\/a>. <\/em>Sebasti\u00e1n Valenzuela Valdivia.<em>\u00a0<\/em>[2015]<\/p>\n<p><a href=\"https:\/\/www.guillerminabustos.net\/sitio\/2013\/12\/19\/naturaleza-y-ornamentalidad-imposicion-subyugacion-ambiguedad-tres-busquedas-de-sentido-en-personal-de-futileria\/\" target=\"_blank\" rel=\"noopener noreferrer\"><em>Naturaleza y ornamentalidad; imposici\u00f3n, subyugaci\u00f3n y ambig\u00fcedad: tres b\u00fasquedas de sentido para en \u00abPersonal de Futiler\u00eda\u00bb.<\/em><\/a> Cecilia Flores Aracena. [2013]<\/p>\n<p><em><a href=\"https:\/\/www.guillerminabustos.net\/sitio\/2013\/12\/19\/las-formas-insospechadas-una-aproximacion-a-la-obra-personal-de-futileria\/\" target=\"_blank\" rel=\"noopener noreferrer\">Las formas insospechadas. Una aproximaci\u00f3n a la obra Personal de Futiler\u00eda.<\/a><\/em> Carolina Senmartin. [2013]<\/p>\n<h2><strong>\u00a0<\/strong><\/h2>\n\n\n<p><\/p>\n","protected":false},"excerpt":{"rendered":"<p>Textos y publicaciones de autor\u00eda propia y compartida en espa\u00f1ol y portugu\u00e9s \/ Textos e publica\u00e7\u00f5es de autoria pr\u00f3pria e em coautoria em espanhol e portugu\u00eas. ARTE Y PROCESOS SOCIALES \/ ARTE E PROCESSOS SOCIAIS Incerteza\/\u00e7a e Interpelaci\u00f3n\/\u00e7\u00e3o. Herramientas de trabajo para el Poder Popular \/ Relaciones entre arte contempor\u00e1neo y procesos sociales. + Jorge [&hellip;]<\/p>\n","protected":false},"author":1,"featured_media":0,"parent":0,"menu_order":19,"comment_status":"closed","ping_status":"closed","template":"","meta":{"_exactmetrics_skip_tracking":false,"_exactmetrics_sitenote_active":false,"_exactmetrics_sitenote_note":"","_exactmetrics_sitenote_category":0,"footnotes":""},"class_list":["post-85","page","type-page","status-publish","hentry","missing-thumbnail"],"_links":{"self":[{"href":"https:\/\/www.guillerminabustos.net\/sitio\/wp-json\/wp\/v2\/pages\/85","targetHints":{"allow":["GET"]}}],"collection":[{"href":"https:\/\/www.guillerminabustos.net\/sitio\/wp-json\/wp\/v2\/pages"}],"about":[{"href":"https:\/\/www.guillerminabustos.net\/sitio\/wp-json\/wp\/v2\/types\/page"}],"author":[{"embeddable":true,"href":"https:\/\/www.guillerminabustos.net\/sitio\/wp-json\/wp\/v2\/users\/1"}],"replies":[{"embeddable":true,"href":"https:\/\/www.guillerminabustos.net\/sitio\/wp-json\/wp\/v2\/comments?post=85"}],"version-history":[{"count":9,"href":"https:\/\/www.guillerminabustos.net\/sitio\/wp-json\/wp\/v2\/pages\/85\/revisions"}],"predecessor-version":[{"id":1690,"href":"https:\/\/www.guillerminabustos.net\/sitio\/wp-json\/wp\/v2\/pages\/85\/revisions\/1690"}],"wp:attachment":[{"href":"https:\/\/www.guillerminabustos.net\/sitio\/wp-json\/wp\/v2\/media?parent=85"}],"curies":[{"name":"wp","href":"https:\/\/api.w.org\/{rel}","templated":true}]}}