{"id":8,"date":"2016-05-08T02:15:14","date_gmt":"2016-05-08T02:15:14","guid":{"rendered":"https:\/\/www.guillerminabustos.net\/sitio\/?page_id=8"},"modified":"2024-12-16T21:42:07","modified_gmt":"2024-12-16T21:42:07","slug":"bio","status":"publish","type":"page","link":"https:\/\/www.guillerminabustos.net\/sitio\/bio\/","title":{"rendered":"> bio [espa\u00f1ol]"},"content":{"rendered":"\n<p class=\"has-small-font-size\"><strong>Guillermina Bustos.<\/strong><\/p>\n\n\n\n<p style=\"font-size:14px\">(n. C\u00f3rdoba, Argentina, 1988) Vive y trabaja en S\u00e3o Paulo, Brasil.<\/p>\n\n\n\n<p style=\"font-size:14px\">Artista e investigadora de arte. Pansexual y no monog\u00e1mica. <br>Ha practicado formas de activismo sobre derechos laborales justos en arte en <a href=\"http:\/\/www.trabajadoresdearte.org\/\" target=\"_blank\" rel=\"noreferrer noopener\">Trabajadores de Arte<\/a>, y en derechos LGBTQ+ y migrantes en la <a href=\"https:\/\/www.facebook.com\/Redemilbi\/\">Rede de Mulheres Migrantes L\u00e9sbicas, Bissexuais e Panssexuias de S\u00e3o Paulo (MILBI+).<\/a><\/p>\n\n\n\n<p style=\"font-size:14px\"><span style=\"font-weight: 400;\"><strong>[statement]<\/strong> Su trabajo es considerado una metodolog\u00eda de investigaci\u00f3n acerca de los \u00f3rdenes de la cultura, para abrir la discusi\u00f3n dentro del sistema de arte, con pr\u00e1cticas localizadas tangencialmente en sus l\u00edmites. <br>Realiza intervenciones de espacios y objetos cotidianos a trav\u00e9s del dise\u00f1o gr\u00e1fico, el dibujo, la pintura, el video y la performance. En sus \u00faltimos trabajos intenta abrir un debate sobre las formas estereotipadas de las relaciones afectivas y laborales.<\/span><\/p>\n\n\n\n<p style=\"font-size:14px\"><span style=\"font-size: 1.8rem;\">Es Magister en Artes, Menci\u00f3n Artes Visuales, por la Universidad de Chile.&nbsp;<\/span>Es licenciada en Arte, por la Universidad Nacional de C\u00f3rdoba, Argentina. Ha obtenido&nbsp;becas y premios para investigaci\u00f3n en artes.<\/p>\n\n\n\n<p style=\"font-size:14px\">Ha realizado m\u00e1s de 40 exhibiciones en diversos pa\u00edses como Argentina, Chile, Brasil, M\u00e9xico y Colombia; de car\u00e1cter individual, grupal y colectivo.<br>Ha participado en residencias internacionales en la 15va Bienal de la Habana, San Antonio de los Ba\u00f1os, Cuba; en Espa\u00f1a como R.A.R.O en Barcelona; y Ecuador como Al zur-ich en Quito, y Curadur\u00eda Forense en Guayaquil.<br><br>Ha publicado y participado en la edici\u00f3n y redacci\u00f3n de 3 libros sobre arte contempor\u00e1neo en relaci\u00f3n con la comunidad, y 2 libros sobre la econom\u00eda del arte, as\u00ed como varios art\u00edculos que vinculan su investigaci\u00f3n con su producci\u00f3n como artista.<\/p>\n\n\n\n<p style=\"font-size:14px\">Su gesti\u00f3n ha incluido la organizaci\u00f3n y coordinaci\u00f3n de residencias, encuentros, cursos, conferencias y seminarios en Argentina, Chile, Brasil, Ecuador, Escocia, Estados Unidos, Espa\u00f1a, Italia, Holanda, M\u00e9xico, Per\u00fa y Uruguay.<\/p>\n\n\n\n<p style=\"font-size:14px\">Entre 2021 y 2022 form\u00f3 parte del Colectivo Vozes Agudas, centrado en arte, g\u00e9nero y feminismos; y actualmente forma parte de G.A.F. &#8211; grupo de acompa\u00f1amiento feminista, coordinado por Talita Trizoli, ambos en S\u00e3o Paulo, Brasil.<br><br>Su trabajo como artista forma parte de colecciones privadas en Argentina, Chile, Cuba, Croacia, Brasil, Ecuador, M\u00e9xico y Per\u00fa; y de colecciones p\u00fablicas en Argentina.<\/p>\n\n\n\n<p class=\"has-small-font-size\"><strong>PRODUCCI\u00d3N ART\u00cdSTICA<\/strong><\/p>\n\n\n\n<p style=\"font-size:14px\"><strong>Exhibiciones Individuales <\/strong><\/p>\n\n\n\n<ul class=\"wp-block-list\">\n<li><sup>(2015) <em>Amor Usado. <\/em>La Expendedur\u00eda. Curadur\u00eda: Jorge Sep\u00falveda T.. San Miguel de Allende, M\u00e9xico.<\/sup><\/li>\n\n\n\n<li><sup>(2012) <em>(neo) modalidades anal\u00edtico-pict\u00f3ricas. <\/em>Asesor\u00eda de Carina Cagnolo y Alejandra Peri\u00e9.&nbsp;Centro de Producci\u00f3n e Investigaci\u00f3n en Artes (CePIA). &nbsp;C\u00f3rdoba, Argentina.<\/sup><\/li>\n\n\n\n<li><sup>(2009) <em>Registros Cronot\u00f3picos<\/em>. Centro de Producci\u00f3n e Investigaci\u00f3n en Artes (CePIA). C\u00f3rdoba, Argentina.<\/sup><\/li>\n<\/ul>\n\n\n\n<p class=\"has-small-font-size\"><strong>Exhibiciones Conjuntas (co-autor\u00eda)<\/strong><\/p>\n\n\n\n<ul class=\"wp-block-list\">\n<li style=\"font-size:14px\"><sup>(2014) <em>Piscina<\/em>. Trabajo en conjunto a Felipe Rivas, Ricardo Villaroel, Marcela Serra, Tom\u00e1s Quezada y Jaime Catal\u00e1n. Piscina Universidad de Chile. Santiago de Chile.<\/sup><\/li>\n\n\n\n<li style=\"font-size:14px\"><sup>(2013) <em>Personal de Futiler\u00eda, <\/em>como miembro del colectivo hom\u00f3nimo en conjunto con Cecilia Flores Aracena. La C\u00fapula \u2013 Galer\u00eda de Arte \u2013 Media Lab. C\u00f3rdoba, Argentina.<\/sup><\/li>\n\n\n\n<li style=\"font-size:14px\"><sup>(2012) <em>Progetto Umidit\u00e0 4.0, Autenticidad y actualidad en el arte. <\/em>Selecci\u00f3n en el marco de la Convocatoria CePIA Abierto 2012.Centro de Producci\u00f3n e Investigaci\u00f3n en Artes (CePIA).&nbsp;C\u00f3rdoba,&nbsp;Argentina.<\/sup><\/li>\n\n\n\n<li style=\"font-size:14px\"><sup>(2009) <em>\u00bfAca sohub o b\u00fahos ac\u00c1?<\/em>, subsuelo del Pabell\u00f3n Argentina.&nbsp;Secretaria de Extensi\u00f3n Universitaria (SEU). C\u00f3rdoba, Argentina.<\/sup><\/li>\n<\/ul>\n\n\n\n<p class=\"has-small-font-size\"><strong>Exhibiciones colectivas (bienales, festivales, curadas, salones, etc.)<\/strong><\/p>\n\n\n\n<ul class=\"wp-block-list\">\n<li style=\"font-size:14px\">(2024) Imaginarios en uso. Bananal arte y cultura. S\u00e3o Paulo, Brasil.<\/li>\n\n\n\n<li style=\"font-size:14px\">(2024) Artes Dissidentes. Curadoria Dri Galuppo. Museo de la Diversidad Sexual. S\u00e3o Paulo, Brasil.<\/li>\n\n\n\n<li style=\"font-size:14px\">(2024) 51\u00ba Sal\u00e3o de Arte Contempor\u00e2nea Luiz Sacilotto. Santo Andr\u00e9, Brasil.<\/li>\n\n\n\n<li style=\"font-size:14px\">(2023) O grande Circo do Patriarcado. Curador\u00eda Talita Trizoi. Canteiro. S\u00e3o Paulo, Brasil.<\/li>\n\n\n\n<li style=\"font-size:14px\">(2023) G.A.F. S\/Demandas. Curador\u00eda Talita Trizoi. Massap\u00ea Projetos.&nbsp; S\u00e3o Paulo, Brasil.<\/li>\n\n\n\n<li style=\"font-size:14px\">(2023) O DIREITO AO FUTURO. Curador\u00eda Jorge Sep\u00falveda T. e Federico de la Puente. Ateli\u00ea 397 e Uberbau_house. S\u00e3o Paulo, Brasil.<\/li>\n\n\n\n<li style=\"font-size:14px\">(2022) ESTAMOS AQU\u00cd. Curador\u00eda Thais Rivitti. SESC Pinheiros. S\u00e3o Paulo, Brasil.<\/li>\n\n\n\n<li style=\"font-size:14px\">(2021) Amarra\u00e7\u00e3o. Curador\u00eda Khadyg Fares. Ateli\u00ea 397. S\u00e3o Paulo, Brasil.<\/li>\n\n\n\n<li style=\"font-size:14px\"><sup>(2020) CURSIS, ANAL\u00cdTICOS Y MELODRAM\u00c1TICOS. <em>Festival Arte Nuevo. <\/em>Chihuahua, M\u00e9xico.<\/sup><\/li>\n\n\n\n<li style=\"font-size:14px\"><sup>(2019) <em>Amigo secreto. <\/em>Instituto Tomie Ohtake.  <br>S\u00e3o Paulo, Brasil. <\/sup><\/li>\n\n\n\n<li style=\"font-size:14px\"><sup>(2019) <em>Abra\u00e7o&nbsp;coletivo.&nbsp;<\/em>Curador\u00eda Paula Borghi. Ateli\u00ea 397. S\u00e3o Paulo, Brasil.<\/sup><\/li>\n\n\n\n<li style=\"font-size:14px\"><sup>(2018)&nbsp;<em>Canto de Sirenas.&nbsp;<\/em>Curadur\u00eda de Cristian Silva. Galer\u00eda Temporal. Santiago de Chile, Chile.<\/sup><\/li>\n\n\n\n<li style=\"font-size:14px\"><sup>(2016) <em>Para que no nos pillen por sorpresa. <\/em>Galer\u00eda D21. Santiago de Chile, Chile.<\/sup><\/li>\n\n\n\n<li style=\"font-size:14px\"><sup>(2016) <em>No es cualquier verdura. <\/em>Ciclo Galer\u00edas Ef\u00edmeras. Coordinaci\u00f3n Eva Ana Finquelstein. C\u00f3rdoba, Argentina.<\/sup><\/li>\n\n\n\n<li style=\"font-size:14px\"><sup>(2015) Repliegue, Ciclo de performance. Asuntos P\u00fablicos. Curic\u00f3, Chile.<\/sup><\/li>\n\n\n\n<li style=\"font-size:14px\"><sup>(2015) <em>Atelier Populaire. <\/em>Curadur\u00eda Sebasti\u00e1n Valenzuela Valdivia. Instituto Franc\u00e9s, Santiago de Chile, Chile.<\/sup><\/li>\n\n\n\n<li style=\"font-size:14px\"><sup>(2015) Un paisaje silencioso. Sala CCU Artes Visuales. Santiago de Chile, Chile.<\/sup><\/li>\n\n\n\n<li style=\"font-size:14px\"><sup>(2014) <em>Posibles nombres. <\/em>Banco Negro. Santiago de Chile, Chile.<\/sup><\/li>\n\n\n\n<li style=\"font-size:14px\"><sup>(2014) <em>Angosta franja de tierra. <\/em>Sala Juan Egenau, Facultad de Artes, Universidad de Chile. Santiago de Chile. <\/sup><\/li>\n\n\n\n<li style=\"font-size:14px\"><sup>(2013) <em>Proyecto Quilicura<\/em>. Curadur\u00eda Marta Hern\u00e1ndez Parraguez. Centro Cultural Quilicura. Santiago de Chile<strong>, <\/strong>Chile.&nbsp;<\/sup><\/li>\n\n\n\n<li style=\"font-size:14px\"><sup>(2013) 4<em>to Sal\u00f3n Plaza de Almas<\/em><strong>.<\/strong> Tucum\u00e1n, Argentina.<\/sup><\/li>\n\n\n\n<li style=\"font-size:14px\"><sup>(2013) <em>Casa Tomada. <\/em>Curadur\u00eda Carolina Olmedo Carrasco, Cecilia Flores Aracena, y Marta Hern\u00e1ndez Parraguez. Intervenci\u00f3n en residencia a ser demolida. Santiago de Chile, Chile.<\/sup><\/li>\n\n\n\n<li style=\"font-size:14px\"><sup>(2012) <em>Opciones anal\u00edticas, autoconscientes y cosm\u00e9ticas.<\/em> [3\/4] Tres Cuartos &#8211; Espacio. C\u00f3rdoba, Argentina.<\/sup><\/li>\n\n\n\n<li style=\"font-size:14px\"><sup>(2012) <em>Consideraciones Moviles D<\/em>. Curador Pablo Vinet, Gabriel Gutnisky y Cecilia Irazusta. Museo Municipal Genaro P\u00e9rez. C\u00f3rdoba, Argentina.<\/sup><\/li>\n\n\n\n<li style=\"font-size:14px\"><sup>(2012) <em>Bienal de la Imagen en Movimiento<\/em>. Selecci\u00f3n para el Premio Norberto Griffa<strong>. <\/strong>Centro Cultural San Mart\u00edn. Buenos Aires, Argentina.<\/sup><\/li>\n\n\n\n<li style=\"font-size:14px\"><sup>(2012) <em>Festival internacional de Video Arte<\/em> (FIVA). Sala Jorge Luis Borges, Biblioteca Nacional. Buenos Aires,&nbsp;Argentina.<\/sup><\/li>\n\n\n\n<li style=\"font-size:14px\"><sup>(2012) <em>La ilusi\u00f3n democratizadora. Video-arte contestatario Colombia-Argentina<\/em>. La Paternal. Curador Luis Saray. Buenos Aires, Argentina.<\/sup><\/li>\n\n\n\n<li style=\"font-size:14px\"><sup>(2011)<em>Festival Internacional de Cine 34 Ladrillos. <\/em>Curador Diego Pi\u00f1eros Garc\u00eda y Paola Michaels. Villa de Levya, Colombia.<\/sup><\/li>\n\n\n\n<li style=\"font-size:14px\"><sup>(2011) <em>Aplastar la Utilidad. Ciclo Pertenencias C\u00f3rdoba.<\/em> Selecci\u00f3n. Casa de la Cultura, Fondo Nacional de las Artes. Curadur\u00eda Carina Cagnolo, Andr\u00e9s Labak\u00e9 y Fernando Farina. Buenos Aires, Argentina.<\/sup><\/li>\n\n\n\n<li style=\"font-size:14px\"><sup>(2011) <em>Cine de Biograf\u00edas de Artistas.<\/em> El S\u00e9ptimo en el Caraffa. Museo Emilio Caraffa (MEC). C\u00f3rdoba, Argentina.<\/sup><\/li>\n\n\n\n<li style=\"font-size:14px\"><sup>(2011)<em> I Sal\u00f3n de Dibujo. <\/em> Museo Bonfiglioni. Villa Mar\u00eda, Argentina.<\/sup><\/li>\n\n\n\n<li style=\"font-size:14px\"><sup>(2010) <em>2do Videoencuentro proyectista.<\/em> Oficina Proyectista. Curador Diego Pi\u00f1eros Garc\u00eda.&nbsp;Buenos Aires, Argentina.<\/sup><\/li>\n\n\n\n<li style=\"font-size:14px\"><sup>(2010) <em>Ciclo de Documental y Video.<\/em> Cali Contempor\u00e1neo (CALO). Curador Diego Pi\u00f1eros Garc\u00eda y Yohana M. Roa. Cali, Colombia.<\/sup><\/li>\n\n\n\n<li style=\"font-size:14px\"><sup>(2010) <em>Video Social IV. <\/em>Ciclo de Video Arte Bogot\u00e1- C\u00f3rdoba. Curador Diego Pi\u00f1eros Garc\u00eda. Casa13. C\u00f3rdoba, Argentina.<\/sup><\/li>\n\n\n\n<li style=\"font-size:14px\"><sup>(2010) <em>\u00bfArt\u00edsticidad?,<\/em> subsuelo del Pabell\u00f3n Argentina. C\u00f3rdoba, Argentina.<\/sup><\/li>\n\n\n\n<li style=\"font-size:14px\"><sup>(2010) <em>Altillo, Dibujo<\/em>. Sala Hijos del Rey. C\u00f3rdoba, Argentina.<\/sup><\/li>\n\n\n\n<li style=\"font-size:14px\"><sup>(2009) <em>Nada parecido a un Ed\u00e9n,<\/em> Ciclo de Video Arte Chile-C\u00f3rdoba. Curadora Nancy Mansilla. CePIA. C\u00f3rdoba, Argentina.<\/sup><\/li>\n\n\n\n<li style=\"font-size:14px\"><sup>(2009) <em>Nada parecido a un Ed\u00e9n,<\/em> Ciclo de Video Arte.Curadora Nancy Mansilla. Espacio G. Valpara\u00edso, Chile.<\/sup><\/li>\n\n\n\n<li style=\"font-size:14px\"><sup>(2009) <em>Cierre cl\u00ednica taller de video-arte<\/em>. Centro de Arte Contempor\u00e1neo Chateau Carreras. C\u00f3rdoba, Argentina.<\/sup><\/li>\n\n\n\n<li style=\"font-size:14px\"><sup>(2008)<em> IV Sal\u00f3n de Peque\u00f1o Formato de Artes Visuales<\/em>. Escuela de Artes Emilio Caraffa. Cosqu\u00edn, Argentina.<\/sup><\/li>\n\n\n\n<li style=\"font-size:14px\"><sup>(2007) <em>Sistema de Representaci\u00f3n.&nbsp;<\/em>Galer\u00eda de Arte del Pabell\u00f3n Argentina-Ciudad Universitaria. C\u00f3rdoba, Argentina.<\/sup><\/li>\n\n\n\n<li style=\"font-size:14px\"><sup>(2007) <em>Mimesis.<\/em>&nbsp;Asociaci\u00f3n Argentina Cultura Brit\u00e1nica. C\u00f3rdoba, Argentina.<\/sup><\/li>\n\n\n\n<li style=\"font-size:14px\"><sup>(2006) <em>T\u00e9cnicas y Materiales de Grabado<\/em>. Subsuelo Pabell\u00f3n Argentina-Ciudad Universitaria. C\u00f3rdoba, Argentina.<\/sup><\/li>\n\n\n\n<li style=\"font-size:14px\"><sup>(2004) <em>Cierre del Taller de Arte Cinerea<\/em>. Coordinacion Daniela C\u00f3rdoba.&nbsp; Santa Mar\u00eda de Punilla,&nbsp;Argentina.<\/sup><\/li>\n<\/ul>\n\n\n\n<p class=\"has-small-font-size\"><strong>Residencias<\/strong><\/p>\n\n\n\n<ul class=\"wp-block-list\">\n<li style=\"font-size:14px\">(2024) Punto Naranja. 15va Bienal de la Habana. San Antonio de los Ba\u00f1os, Cuba.<\/li>\n\n\n\n<li style=\"font-size:14px\">(2023) R.A.R.O. Barcelona. Espa\u00f1a.<\/li>\n\n\n\n<li style=\"font-size:14px\"><sup>(2013) Foreplay. Coordinada por Curator\u00eda Forense y NoM\u00ednimo. Guayaquil, Ecuador.<\/sup><\/li>\n\n\n\n<li style=\"font-size:14px\"><sup>(2019) Al zur-ich. Quito, Ecuador.<\/sup><\/li>\n<\/ul>\n\n\n\n<p class=\"has-small-font-size\"><strong>Men\u00e7\u00e3o de obras em publica\u00e7\u00f5es e cat\u00e1logos<\/strong><\/p>\n\n\n\n<ul class=\"wp-block-list\">\n<li style=\"font-size:14px\">(2023) <em>Hackeando o Poder: T\u00e1ticas de Guerrilha para Artistas do Sul Global.<\/em> Rede Nami. Rio de Janeiro, Brasil.<\/li>\n\n\n\n<li style=\"font-size:14px\">(2023) <em>Galer\u00eda Ef\u00edmeras.<\/em> Casa 13 ediciones. C\u00f3rdoba, Argentina.<\/li>\n\n\n\n<li style=\"font-size:14px\">(2021) <em>4&#215;14.<\/em> Ateli\u00ea 397. S\u00e3o Paulo, Brasil.&nbsp;<\/li>\n\n\n\n<li style=\"font-size:14px\">(2020) <em>Nuevo Oro.<\/em> Colctivo.CO. Manizales, Colombia.<\/li>\n\n\n\n<li style=\"font-size:14px\">(2018) <em>Cat\u00e1logo Temporal, de Galer\u00eda Temporal.<\/em> Santiago de Chile. Gesti\u00f3n Angela Cura y Felipe Cura. Santiago de Chile.<\/li>\n\n\n\n<li style=\"font-size:14px\">(2018) <em>Amor Usado.<\/em> Santiago de Chile.&nbsp;<\/li>\n\n\n\n<li style=\"font-size:14px\">(2015) <em>Posibles nombres.<\/em> Sala CCU. Santiago de Chile.<\/li>\n\n\n\n<li style=\"font-size:14px\">(2014) <em>Piscina.<\/em> Santiago de Chile.&nbsp;<\/li>\n\n\n\n<li style=\"font-size:14px\">(2013) <em>Personal de Futiler\u00eda.<\/em> C\u00f3rdoba, Argentina.<\/li>\n\n\n\n<li style=\"font-size:14px\">(2012) <em>Consideraciones Moviles D<\/em>. Curador Pablo Vinet, Gabriel Gutnisky y Cecilia Irazusta. Museo Municipal Genaro P\u00e9rez. C\u00f3rdoba, Argentina.<\/li>\n<\/ul>\n\n\n\n<p style=\"font-size:14px\"><strong>PUBLICACIONES (libros, revistas, cat\u00e1logos, web)<\/strong><\/p>\n\n\n\n<ul style=\"font-size:14px\" class=\"wp-block-list\">\n<li>(2023)<em> MANUAL DE INVERSI\u00d3N. <\/em>Editorial y Co-autor\u00eda. (Puerto Montt: BAJ Los Lagos).<\/li>\n\n\n\n<li>(2022<em>) INCERTEZA\/\u00c7A E INTERPELACI\u00d3N\/\u00c7\u00c3O<\/em>. Co-autora junto a Jorge Sep\u00falveda T. (entre otros). (C\u00f3rdoba: Editorial Curator\u00eda Forense).<\/li>\n\n\n\n<li>(2021) <em>Todos nosotros, y cada uno de nosotros. Herramientas para la construcci\u00f3n de una subjetividad pol\u00edtica y econ\u00f3mica. <\/em>Co-autora junto a Jorge Sep\u00falveda T. (Islas Canarias: Ateneo Cr\u00edtico).<\/li>\n\n\n\n<li>(2020). <em>Producir los medios de producci\u00f3n. Sistema de arte, precarizaci\u00f3n y derechos. Entendernos como agentes econ\u00f3micos y trabajadores de arte como acto pol\u00edtico. <\/em>Co-autora junto a Jorge Sep\u00falveda T. (Islas Canarias: Ateneo Cr\u00edtico)<\/li>\n\n\n\n<li>(2020) MANUAL DE ACCI\u00d3N. Co-autor junto a Guillermina Bustos, Federico de la Puente (entre otros). (C\u00f3rdoba: Editorial Curator\u00eda Forense).<\/li>\n\n\n\n<li>(2019) ESPACIO DE FALA [arte contempor\u00e1neo, g\u00e9nero y sexualidad]. Co-autor junto a Guillermina Bustos, Federico de la Puente y Bel\u00e9n Charpentier. (C\u00f3rdoba: Editorial Curator\u00eda Forense).<\/li>\n\n\n\n<li>(2019) <em>A\u00e7\u00e3o \/ Transa\u00e7\u00e3o, sobre Economia e Mercado de Arte. <\/em>Co-autor junto a Guillermina Bustos. Revista do CPF N\u00b09 <em>Mercados de arte: transforma\u00e7\u00f5es contempor\u00e2neas<\/em>. (S\u00e3o Paulo: SESC).<\/li>\n\n\n\n<li>(2019) <em>ACCI\u00d3N \/ TRANSACCI\u00d3N, Econom\u00eda y Mercado de arte contempor\u00e1neo.<\/em> Co-autor junto a Guillermina Bustos, Federico de la Puente y Bel\u00e9n Charpentier. (C\u00f3rdoba: Editorial Curator\u00eda Forense).<\/li>\n\n\n\n<li>(2018) <em>Soportar las evidencias, politizar el archivo, habitar las micropol\u00edticas. Un an\u00e1lisis sobre Bienales de Arte Contempor\u00e1neo en Am\u00e9rica Latina y el caso de la Bienal de Cuenca (Ecuador). <\/em>Co-autor junto a Guillermina Bustos. (Ciudad de M\u00e9xico: Terremoto).<\/li>\n\n\n\n<li>(2018) <em>SISTEM\u00c1TICA Y SEDUCTORA, Investigaci\u00f3n y an\u00e1lisis sobre Bienales de Arte Contempor\u00e1neo en Am\u00e9rica Latina<\/em>. Co-autor junto a Guillermina Bustos, Federico de la Puente y Bel\u00e9n Charpentier. (C\u00f3rdoba: Editorial Curator\u00eda Forense).<\/li>\n\n\n\n<li>(2018) MODELOS DE RESIDENCIA. Co-autor junto a&nbsp; Guillermina Bustos, Federico de la Puente y Bel\u00e9n Charpentier. Editorial Curator\u00eda Forense.<\/li>\n\n\n\n<li>(2017) <em>Comunitaria, experiencias de Arte y comunidad. <\/em>Co-autor junto a Guillermina Bustos y Paola Fabres. Editorial Curator\u00eda Forense. Argentina.<\/li>\n\n\n\n<li>(2017) <em>Residencias de Arte Contempor\u00e1neo SOCIAL SUMMER CAMP, Villa Alegre, Chile.<\/em> Co-autor junto a Guillermina Bustos. Editorial Curator\u00eda Forense. Argentina.<\/li>\n\n\n\n<li>(2017) <em>Gest\u00e3o em arte e cultura: Resid\u00eancias, experimentos e cl\u00ednicas sobre gest\u00e3o economias da arte e da cultura. <\/em>Editor M\u00e1rcio Pizarro Noronha. Editorial Animal. Goi\u00e2nia, Brasil.&nbsp;<\/li>\n\n\n\n<li>(2015) <em>Escenas locales. <\/em>Justo Pastor Mellado. Equipo Editorial junto a Carolina Olmedo Carrasco y Guillermina Bustos. Editorial Curator\u00eda Forense. Argentina.<\/li>\n<\/ul>\n\n\n\n<p class=\"has-small-font-size\"><strong>Premios, Menciones y Becas&nbsp;<\/strong><\/p>\n\n\n\n<ul class=\"wp-block-list\">\n<li style=\"font-size:14px\">(2022) Fondart Regional &#8211; Los R\u00edos, Chile. Publicaci\u00f3n del Libro <em>Trayectoria desde los R\u00edos.<\/em>&nbsp;<\/li>\n\n\n\n<li style=\"font-size:14px\">(2021) Fondart Regional &#8211; Maule, Chile. Publicaci\u00f3n y difusi\u00f3n del Libro <em>Incerteza e Interpelaci\u00f3n &#8211; Poder popular.&nbsp;<\/em><\/li>\n\n\n\n<li style=\"font-size:14px\">(2015) Fondart Regional &#8211; Maule, Chile. Publicaci\u00f3n del Libro <em>Residencias de Arte SOCIAL SUMMER CAMP &#8211; Villa Alegre, Chile.<\/em><\/li>\n\n\n\n<li style=\"font-size:14px\"><sup>(2013) Premio CURADOR\/CBA 2013. Mercado de Arte \/ EGGO, Feria de Galer\u00edas del Interior del Pa\u00eds. C\u00f3rdoba, Argentina.<\/sup><\/li>\n\n\n\n<li style=\"font-size:14px\"><sup>(2012) Beca Investigaci\u00f3n Area Pensamiento Latinoamericano. Secretar\u00eda de Cultura de la Provincia. C\u00f3rdoba, Argetnina.<\/sup><\/li>\n\n\n\n<li style=\"font-size:14px\"><sup>(2011) Beca Inciaci\u00f3n a la Investigaci\u00f3n. Consejo Universitario Internacional. CIN. C\u00f3rdoba, Argentina.<\/sup><\/li>\n<\/ul>\n\n\n\n<p class=\"has-small-font-size\"><strong>CHARLAS, CURSOS, CONGRESOS, etc. <\/strong><strong>Como Disertante .<\/strong><\/p>\n\n\n\n<ul class=\"wp-block-list\">\n<li style=\"font-size:14px\">(2024) Escenas Locales. Museo Caba\u00f1as. Guadalajara, M\u00e9xico.<\/li>\n\n\n\n<li style=\"font-size:14px\">(2024) Si quieres ir lejos, ve en grupo. San Ildefonso. Ciudad de M\u00e9xico, M\u00e9xico.<\/li>\n\n\n\n<li style=\"font-size:14px\">(2023) Art is politics in Latin America. Fontys. Tilburg, Netherlands.<\/li>\n\n\n\n<li style=\"font-size:14px\">(2022) Arte \u00e9 pol\u00edtica na Am\u00e9rica Latina. Adelina Instituto. S\u00e3o Paulo, Brasil.<\/li>\n\n\n\n<li style=\"font-size:14px\">(2022) <em>Onde vive a arte na Am\u00e9rica Latina.<\/em> Casa Preta Hub. S\u00e3o Paulo, Brasil.<\/li>\n\n\n\n<li style=\"font-size:14px\">(2022) <em>Seminario G\u00c9NERO, SEXUALIDAD Y DISIDENCIAS EN EL ARTE.<\/em> Balmaceda Arte Joven. Puerto Montt, Chile.&nbsp;<\/li>\n\n\n\n<li style=\"font-size:14px\">(2022) <em>Seminario y Laboratorio-taller G\u00c9NERO, SEXUALIDAD Y ARTE.<\/em>&nbsp; Balmaceda Arte Joven. Puerto Montt, Chile.&nbsp;<\/li>\n\n\n\n<li style=\"font-size:14px\">(2021) <em>ALT(ering)+SHIFT(ing)+COMM(uning).<\/em> Call for curators. New York, EEUU.<\/li>\n\n\n\n<li style=\"font-size:14px\">(2021) Curso. Outras Hist\u00f3rias da Arte. Am\u00e9rica Latina. Ateli\u00ea 397. S\u00e3o Paulo, Brasil.<\/li>\n\n\n\n<li style=\"font-size:14px\">(2021) Curso. An\u00e1lisis para la investigaci\u00f3n de arte y feminismos. Balmaceda Arte J\u00f3ven. Los Lagos. Chile.&nbsp;<\/li>\n\n\n\n<li style=\"font-size:14px\">(2021) Palestra: Resid\u00eancias de Arte Contempor\u00e2nea. Festival. Arte de Passagem. Salvador de Bah\u00eda, Brasil.<\/li>\n\n\n\n<li style=\"font-size:14px\">(2020 &#8211; 2021) 4 ediciones do Diploma &#8211; Curso de Forma\u00e7\u00e3o. Arte Aplicada a la Sociedad. Uberbau_house. S\u00e3o Paulo, Brasil.<\/li>\n\n\n\n<li style=\"font-size:14px\">(2019) Curso. <em>Arte contempor\u00e2nea em Am\u00e9rica Latina.<\/em> Instituto Tomie Ohtake. S\u00e3o Paulo, Brasil.&nbsp;<\/li>\n\n\n\n<li style=\"font-size:14px\">(2019) Seminario <em>ARTE CONTEMPOR\u00c1NEO COMO FIGURA DE ACCI\u00d3N. <\/em>Museo Antropol\u00f3gico y de Arte Contempor\u00e1neo.<em> <\/em>Guayaquil, Ecuador.<\/li>\n\n\n\n<li style=\"font-size:14px\">(2019) Palestra <em>Arte contempor\u00e1neo y procesos sociales. <\/em>Museo Antropol\u00f3gico y de Arte Contempor\u00e1neo.<em> <\/em>Guayaquil, Ecuador.<\/li>\n\n\n\n<li style=\"font-size:14px\">(2019) Seminario <em>ARTE CONTEMPOR\u00c1NEO COMO FIGURA DE ACCI\u00d3N, arte contempor\u00e1neo en los l\u00edmites del sistema. <\/em>Centro de Arte Contempor\u00e1neo.<em> <\/em>Quito, Ecuador.<\/li>\n\n\n\n<li style=\"font-size:14px\">(2019) Seminario <em>El arte contempor\u00e1neo como figura de acci\u00f3n<\/em>. 5to Encuentro Interuniversitario de estudiantes de arte, en la Universidad de Guanajuato, M\u00e9xico.&nbsp;<\/li>\n\n\n\n<li style=\"font-size:14px\">(2019) Seminario <em>El arte contempor\u00e1neo como figura de acci\u00f3n social.<\/em> Maestr\u00eda en Gesti\u00f3n, Desarrollo y Gobierno. Divisi\u00f3n de Derecho, Pol\u00edtica y Gobierno, del Departamento de Gesti\u00f3n P\u00fablica. Universidad de Guanajuato. Guanajuato, M\u00e9xico.<\/li>\n\n\n\n<li style=\"font-size:14px\">(2018) Palestra <em>COMUNITARIA, arte y procesos sociales.<\/em> FAD \u2013 UNAM. Ciudad de M\u00e9xico.<\/li>\n\n\n\n<li style=\"font-size:14px\">(2019) Seminario <em>Otra manera de entender el arte. <\/em>Diplomado Brinca la Tablica, Save the artist y Archivo Transversal. Guadalajara, M\u00e9xico.<\/li>\n\n\n\n<li style=\"font-size:14px\">(2019) Palestra <em>Pensar el Arte, Activar una Comunidad. <\/em>Museo de Arte Gr\u00e1ficas, Saltillo, M\u00e9xico.<\/li>\n\n\n\n<li style=\"font-size:14px\">(2018) Palestra Modelos y Desmodelos Bienal\u00edsticos. <em>Mesa de di\u00e1logo de Cuarto Aparte. <\/em>La Guarida. Cuenca, Ecuador.<\/li>\n\n\n\n<li style=\"font-size:14px\">(2018) Seminario <em>Formas de Involucramiento. <\/em>Convivio. Oaxaca. M\u00e9xico.<\/li>\n\n\n\n<li style=\"font-size:14px\">(2017) Palestra <em>Esa es otra historia. <\/em>FAD \u2013 UNAM. Ciudade de M\u00e9xico.<\/li>\n\n\n\n<li style=\"font-size:14px\">(2017) Seminario <em>Entrenamiento Esc\u00e9nico. <\/em>San Miguel de Allende, M\u00e9xico.<\/li>\n\n\n\n<li style=\"font-size:14px\">(2017) Seminario <em>Arte Contempor\u00e1neo y Gestiones Aut\u00f3nomas.<\/em><strong> <\/strong>Oaxaca e Guanajuato. M\u00e9xico.<\/li>\n<\/ul>\n\n\n\n<p class=\"has-small-font-size\"><strong>Representa\u00e7\u00e3o em Feiras de Arte<\/strong><\/p>\n\n\n\n<ul class=\"wp-block-list\">\n<li style=\"font-size:14px\">(2023) ArtRio. Representada pela Rede Nami. Curadoria Carollina Lauriano. Rio de Janeiro, Brasil.<\/li>\n<\/ul>\n\n\n\n<p class=\"has-small-font-size\"><strong>Curadur\u00edas<\/strong><\/p>\n\n\n\n<ul class=\"wp-block-list\">\n<li style=\"font-size:14px\"><sup>(2016)<em> El nombre de lo que escapa. <\/em>Proyecto de Lorraine Green. Centro Cultural Rada Tilly. Co-curadur\u00eda junto a Jorge Sep\u00falveda T.. Rada Tilly, Argentina.<\/sup><\/li>\n\n\n\n<li style=\"font-size:14px\"><sup>(2016) <em>Episodio 1 \/<\/em>&nbsp;<em>Temporada 3.&nbsp;<\/em>Pera de Goma. Co-curadur\u00eda junto a Jorge Sep\u00falveda T.. Montevideo, Uruguay.<\/sup><\/li>\n\n\n\n<li style=\"font-size:14px\"><sup>(2013) <em>Limbo<\/em>. Mercado de Arte \/ EGGO 2013. Feria de Galer\u00edas del Interior del Pa\u00eds. C\u00f3rdoba, Argentina.<\/sup><\/li>\n\n\n\n<li style=\"font-size:14px\"><sup>(2012) <em>Arte Avanzado. <\/em>Museo Provincial de Bellas Artes Emilio Caraffa. Proyecto seleccionado en la convocatoria CePIA Proyectos Curatoriales. Co-curadur\u00eda junto a Manuel Molina, Juan Gugger y Paz Chasseing. C\u00f3rdoba, Argentina.<\/sup><\/li>\n\n\n\n<li style=\"font-size:14px\"><sup>(2012) <em>.ciclo.nocturno.video.arte.<\/em> 2do Encuentro de Artes Visuales [Posibilidades y potencialidades contempor\u00e1neas del g\u00e9nero paisaje]. Santa Mar\u00eda de Punilla, Argentina.<\/sup><\/li>\n<\/ul>\n\n\n\n<p style=\"font-size:14px\"><br>Entre 2011 y 2015 coordino el&nbsp;<strong><a href=\"https:\/\/confinesfundacioncultural.wordpress.com\/category\/encuentro-paisaje-contemporaneo\/\" target=\"_blank\" rel=\"noreferrer noopener\">Encuentro de Paisaje Contempor\u00e1neo<\/a> <\/strong>en Santa Mar\u00eda de Punilla, Argentina. Entre 2012 y 2016 fue miembro del consejo de la administraci\u00f3n de la<strong> <a href=\"https:\/\/confinesfundacioncultural.wordpress.com\/\" target=\"_blank\" rel=\"noreferrer noopener\">Fundaci\u00f3n Cultura Confines<\/a><\/strong>, dedicada a la gesti\u00f3n y educaci\u00f3n en arte contempor\u00e1neo en localidades rurales. En 2013 fue Secretar\u00eda de Cultura, Educaci\u00f3n y Prensa de la Municipalidad de Santa Mar\u00eda de Punilla, Argentina.<\/p>\n\n\n\n<p style=\"font-size:14px\">En 2015 trabajo como investigadora en el <a href=\"http:\/\/www.ccplm.cl\/sitio\/acerca-de-3\/\">Centro de Documentaci\u00f3n de Artes Visuales (CeDoc)<\/a> del Centro Cultural la Moneda, Santiago de Chile, Chile.<br><br>Desde enero de 2015 trabaja en las iniciativas de investigaci\u00f3n, formaci\u00f3n y residencias de arte contempor\u00e1neo: &nbsp;<strong><a href=\"http:\/\/www.curatoriaforense.net\/\" target=\"_blank\" rel=\"noreferrer noopener\">Curator\u00eda Forense \u2013 Latinoam\u00e9rica;<\/a><\/strong>&nbsp;<strong><a href=\"http:\/\/www.cooperativadearte.org\/\" target=\"_blank\" rel=\"noreferrer noopener\">Cooperativa de Arte<\/a><\/strong>,&nbsp;<strong><a href=\"http:\/\/www.uberbau-house.org\/\">Uberbau_house<\/a>&nbsp;<\/strong>(S\u00e3o Paulo, Brasil) y <strong><a href=\"http:\/\/vadb.info\/\" target=\"_blank\" rel=\"noreferrer noopener\">VADB &#8211; comunidad de arte latinoamericano<\/a><\/strong>.<\/p>\n\n\n\n<p style=\"font-size:14px\">Tambi\u00e9n trabaja en el equipo de la <strong><a href=\"http:\/\/curatoriaforense.net\/_editorial\/\" target=\"_blank\" rel=\"noreferrer noopener\">Editorial Curator\u00eda Forense<\/a><\/strong>; en la organizaci\u00f3n de Encuentros de Gestiones Aut\u00f3nomas de Arte; y en la residencia de arte y procesos sociales en localidades rurales SOCIAL SUMMER CAMP (Chile), OBRA P\u00daBLICA (Chile), y<strong><a href=\"http:\/\/www.comunitaria-argentina.org\/\">&nbsp;COMUNITARIA<\/a>&nbsp;<\/strong>(Argentina).<\/p>\n\n\n\n<p style=\"font-size:14px\">A la vez coordina las siguientes iniciativas: <strong><a href=\"http:\/\/www.censodearte.org\/\" target=\"_blank\" rel=\"noreferrer noopener\">Censo de Arte Contempor\u00e1neo Latinoamericano<\/a><\/strong>, <strong><a href=\"http:\/\/www.gestionautonomadearte.net\/site\/\" target=\"_blank\" rel=\"noreferrer noopener\">Red de Gestiones Aut\u00f3nomas<\/a><a href=\"http:\/\/www.trabajadoresdearte.org\/\" target=\"_blank\" rel=\"noreferrer noopener\"> y<\/a><\/strong> <strong><a href=\"http:\/\/www.legionextranjera.org\/\" target=\"_blank\" rel=\"noreferrer noopener\">La Legi\u00f3n Extranjera<\/a>.<\/strong><br><br>Desde 2022 trabaja como Profesora de Mercadotecnia Cultural en la Universidad Iberoamericana de Puebla, M\u00e9xico.<\/p>\n","protected":false},"excerpt":{"rendered":"<p>Guillermina Bustos. (n. C\u00f3rdoba, Argentina, 1988) Vive y trabaja en S\u00e3o Paulo, Brasil. Artista e investigadora de arte. Pansexual y no monog\u00e1mica. Ha practicado formas de activismo sobre derechos laborales justos en arte en Trabajadores de Arte, y en derechos LGBTQ+ y migrantes en la Rede de Mulheres Migrantes L\u00e9sbicas, Bissexuais e Panssexuias de S\u00e3o [&hellip;]<\/p>\n","protected":false},"author":1,"featured_media":0,"parent":0,"menu_order":21,"comment_status":"closed","ping_status":"closed","template":"","meta":{"_exactmetrics_skip_tracking":false,"_exactmetrics_sitenote_active":false,"_exactmetrics_sitenote_note":"","_exactmetrics_sitenote_category":0,"footnotes":""},"class_list":["post-8","page","type-page","status-publish","hentry","missing-thumbnail"],"_links":{"self":[{"href":"https:\/\/www.guillerminabustos.net\/sitio\/wp-json\/wp\/v2\/pages\/8","targetHints":{"allow":["GET"]}}],"collection":[{"href":"https:\/\/www.guillerminabustos.net\/sitio\/wp-json\/wp\/v2\/pages"}],"about":[{"href":"https:\/\/www.guillerminabustos.net\/sitio\/wp-json\/wp\/v2\/types\/page"}],"author":[{"embeddable":true,"href":"https:\/\/www.guillerminabustos.net\/sitio\/wp-json\/wp\/v2\/users\/1"}],"replies":[{"embeddable":true,"href":"https:\/\/www.guillerminabustos.net\/sitio\/wp-json\/wp\/v2\/comments?post=8"}],"version-history":[{"count":10,"href":"https:\/\/www.guillerminabustos.net\/sitio\/wp-json\/wp\/v2\/pages\/8\/revisions"}],"predecessor-version":[{"id":1700,"href":"https:\/\/www.guillerminabustos.net\/sitio\/wp-json\/wp\/v2\/pages\/8\/revisions\/1700"}],"wp:attachment":[{"href":"https:\/\/www.guillerminabustos.net\/sitio\/wp-json\/wp\/v2\/media?parent=8"}],"curies":[{"name":"wp","href":"https:\/\/api.w.org\/{rel}","templated":true}]}}