{"id":62,"date":"2016-05-19T01:24:17","date_gmt":"2016-05-19T01:24:17","guid":{"rendered":"https:\/\/www.guillerminabustos.net\/sitio\/?page_id=62"},"modified":"2025-01-28T18:47:59","modified_gmt":"2025-01-28T18:47:59","slug":"curaduria","status":"publish","type":"page","link":"https:\/\/www.guillerminabustos.net\/sitio\/curaduria\/","title":{"rendered":"> curadur\u00eda"},"content":{"rendered":"\n<figure class=\"wp-block-image size-large\"><a href=\"https:\/\/www.uberbau-house.org\/site\/grupos\/grupos-de-estudio\/\"><img loading=\"lazy\" decoding=\"async\" width=\"1024\" height=\"536\" src=\"https:\/\/www.guillerminabustos.net\/sitio\/wp-content\/uploads\/2025\/01\/photo_5181651844332629825_y-1024x536.jpg\" alt=\"\" class=\"wp-image-1782\" srcset=\"https:\/\/www.guillerminabustos.net\/sitio\/wp-content\/uploads\/2025\/01\/photo_5181651844332629825_y-1024x536.jpg 1024w, https:\/\/www.guillerminabustos.net\/sitio\/wp-content\/uploads\/2025\/01\/photo_5181651844332629825_y-300x157.jpg 300w, https:\/\/www.guillerminabustos.net\/sitio\/wp-content\/uploads\/2025\/01\/photo_5181651844332629825_y-768x402.jpg 768w, https:\/\/www.guillerminabustos.net\/sitio\/wp-content\/uploads\/2025\/01\/photo_5181651844332629825_y-400x209.jpg 400w, https:\/\/www.guillerminabustos.net\/sitio\/wp-content\/uploads\/2025\/01\/photo_5181651844332629825_y-800x419.jpg 800w, https:\/\/www.guillerminabustos.net\/sitio\/wp-content\/uploads\/2025\/01\/photo_5181651844332629825_y.jpg 1200w\" sizes=\"auto, (max-width: 1024px) 100vw, 1024px\" \/><\/a><\/figure>\n\n\n\n<p style=\"font-size:14px\"><strong><em><a href=\"https:\/\/www.uberbau-house.org\/site\/grupos\/grupos-de-estudio\/\">Si quieres ir lejos, ve en grupo<\/a> <\/em><\/strong>(2025)<br><br>Artistas: Gabriela Antezon (Buenos Aires, Argentina), Nicol\u00e1s Bertona (Buenos Aires, Argentina), Mariana Fuentes Zamorano (Buenos Aires, Argentina), Luis Lujan (Chihuahua, M\u00e9xico), Mafer Ortiz (Lima, Per\u00fa), Yoalli Quetzal Alfaro (Ciudad de M\u00e9xico), y Elisabeth Verdugo (Neuqu\u00e9n, Argentina).<\/p>\n\n\n\n<p style=\"font-size:14px\">Curador\u00eda y coordinaci\u00f3n: Guillermina Bustos, Federico de la Puente y Jorge Sep\u00falveda T. (S\u00e3o Paulo, Brasil).<\/p>\n\n\n\n<figure class=\"wp-block-image size-large\"><img loading=\"lazy\" decoding=\"async\" width=\"1024\" height=\"1024\" src=\"https:\/\/www.guillerminabustos.net\/sitio\/wp-content\/uploads\/2025\/01\/O-DIREITO-AO-FUTURO-flyer-Instagram-06-A-1024x1024.png\" alt=\"\" class=\"wp-image-1790\" srcset=\"https:\/\/www.guillerminabustos.net\/sitio\/wp-content\/uploads\/2025\/01\/O-DIREITO-AO-FUTURO-flyer-Instagram-06-A-1024x1024.png 1024w, https:\/\/www.guillerminabustos.net\/sitio\/wp-content\/uploads\/2025\/01\/O-DIREITO-AO-FUTURO-flyer-Instagram-06-A-300x300.png 300w, https:\/\/www.guillerminabustos.net\/sitio\/wp-content\/uploads\/2025\/01\/O-DIREITO-AO-FUTURO-flyer-Instagram-06-A-150x150.png 150w, https:\/\/www.guillerminabustos.net\/sitio\/wp-content\/uploads\/2025\/01\/O-DIREITO-AO-FUTURO-flyer-Instagram-06-A-768x768.png 768w, https:\/\/www.guillerminabustos.net\/sitio\/wp-content\/uploads\/2025\/01\/O-DIREITO-AO-FUTURO-flyer-Instagram-06-A-400x400.png 400w, https:\/\/www.guillerminabustos.net\/sitio\/wp-content\/uploads\/2025\/01\/O-DIREITO-AO-FUTURO-flyer-Instagram-06-A-800x800.png 800w, https:\/\/www.guillerminabustos.net\/sitio\/wp-content\/uploads\/2025\/01\/O-DIREITO-AO-FUTURO-flyer-Instagram-06-A.png 1080w\" sizes=\"auto, (max-width: 1024px) 100vw, 1024px\" \/><\/figure>\n\n\n\n<p style=\"font-size:14px\"><strong><em><a href=\"https:\/\/www.uberbau-house.org\/odireitoaofuturo\/\">O DIREITO AO FUTURO exercido no presente<\/a><\/em><\/strong> (2023)<br><br>Curador\u00eda y coordinaci\u00f3n: Guillermina Bustos, Federico de la Puente y Jorge Sep\u00falveda T. (S\u00e3o Paulo, Brasil).<br><br><strong>Residentes Participantes en la exposici\u00f3n<\/strong>:<\/p>\n\n\n\n<p style=\"font-size:14px\"><em>Aar\u00f3n Jim\u00e9nez<\/em>&nbsp;(MX),&nbsp;<em>Abari Antonio Ruiz<\/em>&nbsp;(MX),&nbsp;<em>Abhishek Panchal<\/em>&nbsp;(IN),&nbsp;<em>Alberto Pati\u00f1o<\/em>&nbsp;(PE),&nbsp;<em>Alexandra Mora -\u00darsula Ramirez Giraldo<\/em>\u2013 (CO),&nbsp;<em>Andrea Ch\u00e1vez<\/em>&nbsp;(MX),&nbsp;<em>Andrea Ospina<\/em>&nbsp;(CO),&nbsp;<em>Andr\u00e9s Arg\u00fcelles<\/em>&nbsp;(PE),&nbsp;<em>Andr\u00e9s Ovelar<\/em>&nbsp;(PY),&nbsp;<em>Camila Lacroze<\/em>&nbsp;(UY),&nbsp;<em>Cecilia Coddou<\/em>&nbsp;(CL),&nbsp;<em>Dafne Valdivia<\/em>&nbsp;(MX),&nbsp;<em>Dana Ferrari<\/em>&nbsp;(AR),&nbsp;<em>Daniela Stevens<\/em>&nbsp;(MX),&nbsp;<em>Elisabeth Verdugo<\/em>&nbsp;(AR),&nbsp;<em>Est\u00edbaliz Barato<\/em>&nbsp;(ES),&nbsp;<em>Felipe Nu\u00f1ez&nbsp;<\/em>(MX),&nbsp;<em>Fernanda Avenda\u00f1o<\/em>&nbsp;(CL),&nbsp;<em>Fernanda Radetich<\/em>&nbsp;(AR-CL),&nbsp;<em>Frances Munar<\/em>&nbsp;(PE),&nbsp;<em>Francisca Paris<\/em>&nbsp;(CL),&nbsp;<em>Francisco Garc\u00eda Villavicencio&nbsp;<\/em>(PE),&nbsp;<em>Genietta Varsi<\/em>&nbsp;(PE),&nbsp;<em>Jazmin Saidman<\/em>&nbsp;(AR),&nbsp;<em>Jes\u00fas Jimenez<\/em>&nbsp;(MX),&nbsp;<em>Karem Morales<\/em>&nbsp;(CL),&nbsp;<em>L\u00eda Arenas<\/em>&nbsp;(CL),&nbsp;<em>Luis Enrique Zela-Koort<\/em>&nbsp;(PE),&nbsp;<em>Lyz\u00fa C\u00e1rcamo<\/em>&nbsp;(CL),<em>&nbsp;M. Rom\u00e1n<\/em>&nbsp;(PE),&nbsp;<em>Majo Vidal<\/em>&nbsp;(AR),&nbsp;<em>Manuel La Rosa<\/em>&nbsp;(PE-CL),&nbsp;<em>Mar\u00eda de los \u00c1ngeles Otarola<\/em>&nbsp;(AR),&nbsp;<em>Mariane Beline<\/em>&nbsp;(BR),&nbsp;<em>Martha Laura Le\u00f3n<\/em>&nbsp;(MX),&nbsp;<em>Mateo Lopez Im\u00e1n<\/em>&nbsp;(AR),&nbsp;<em>Michel Marx<\/em>&nbsp;(UY),&nbsp;<em>Miguel Keerveld<\/em>&nbsp;(SU),&nbsp;<em>Nancy Alvarado<\/em>&nbsp;(AR),&nbsp;<em>Naoko Mabon<\/em>&nbsp;(JP),&nbsp;<em>Natalia Murcia<\/em>&nbsp;(CO),&nbsp;<em>Pablo Foladori<\/em>&nbsp;(AR),&nbsp;<em>Renan Teles<\/em>&nbsp;(BR),&nbsp;<em>Ricardo Caicedo Cardona<\/em>&nbsp;(CO),&nbsp;<em>Romina Estecher<\/em>&nbsp;(AR),&nbsp;<em>Silvia Mariotti<\/em>&nbsp;(IT),&nbsp;<em>Sof\u00eda Enr\u00edquez Gonz\u00e1lez<\/em>&nbsp;(CL),&nbsp;<em>Tarix Sep\u00falveda<\/em>&nbsp;(CL),&nbsp;<em>Uila J\u00fanior<\/em>&nbsp;(BR),&nbsp;<em>Ver\u00f3nica Zapata<\/em>&nbsp;(CL),&nbsp;<em>Viviana Errecalde<\/em>&nbsp;(AR),&nbsp;<em>Wynnie Mynerva Mendoza<\/em>&nbsp;(PE),&nbsp;<em>Ximena Garc\u00eda \u00c1lvarez<\/em>&nbsp;(MX).<\/p>\n\n\n\n<h4 class=\"wp-block-heading\" style=\"font-size:14px\">Artistas Invitados:<\/h4>\n\n\n\n<p style=\"font-size:14px\"><em>Adrienne Coelho<\/em>&nbsp;(BR),&nbsp;<em>Belen Charpentier<\/em>&nbsp;(AR),&nbsp;<em>Graciela \u00c1lvarez Maroccolo<\/em>&nbsp;(AR),&nbsp;<em>Guadalupe Ortega Blasco<\/em>&nbsp;(AR),&nbsp;<em>Jos\u00e9 Villalonga<\/em>&nbsp;(AR),&nbsp;<em>Juan Jos\u00e9 Valencia<\/em>&nbsp;(ES),&nbsp;<em>Julia Cavazzini<\/em>&nbsp;(BR),&nbsp;<em>Lorenzo Gonz\u00e1lez<\/em>&nbsp;(AR),&nbsp;<em>Luciana Serrano<\/em>&nbsp;(AR),&nbsp;<em>Luisho D\u00edaz<\/em>&nbsp;(UY),&nbsp;<em>Mafer Ortiz<\/em>&nbsp;(PE),&nbsp;<em>Marco Alvarado<\/em>&nbsp;(EC),&nbsp;<em>Martin (Tin) Ayala<\/em>, (EC),&nbsp;<em>Nicol\u00e1s Bertona<\/em>&nbsp;(AR),&nbsp;<em>Paulina Martinez<\/em>&nbsp;(CH),&nbsp;<em>Ra\u00fal Rebolledo<\/em>&nbsp;(MX),&nbsp;<em>Sebast\u00edan Riffo<\/em>&nbsp;(CL),&nbsp;<em>Tomaz Klotzel<\/em>&nbsp;(BR).<\/p>\n\n\n\n<p style=\"font-size:14px\"><em><strong>COLETIVOS CONVIDADOS:<\/strong>\u00a0La<\/em>\u00a0C<em>olectiva<\/em>\u00a0(MX) formado por<em>\u00a0Alejandra Ordo\u00f1ez (MX), Ang\u00e9lica Ch\u00e1vez (MX), Claudia Mendoza (MX), Domenica Salas (MX), Galia Mireles (MX), Luisa Ortega (MX), Rita Ortiz<\/em>\u00a0(MX),\u00a0<em>Rub\u00ed Acosta<\/em>\u00a0(MX),<em>\u00a0Tania Anchondo<\/em>\u00a0(MX);\u00a0e equipe de desenvolvimiento de\u00a0<em>Quem quer vivir da Arte?<\/em>\u00a0formado por\u00a0<em>Federico de la Puente<\/em>\u00a0(AR),\u00a0<em>Francisca Jara<\/em>\u00a0(CL),\u00a0<em>Guillermina Bustos<\/em>\u00a0(AR),\u00a0<em>Jorge Sep\u00falveda T.<\/em>\u00a0(CL-BR) e\u00a0<em>Nicol\u00e1s Bertona<\/em>\u00a0(AR).\u00a0<\/p>\n\n\n\n<h4 class=\"wp-block-heading\" style=\"font-size:14px\">Forman Parte del Equipo de Producci\u00f3n de la exposici\u00f3n:<\/h4>\n\n\n\n<p style=\"font-size:14px\"><em>Rub\u00e9n Toledo<\/em>\u00a0(ES), colaboraci\u00f3n, <em>Jimena El\u00edas<\/em>\u00a0(AR), dise\u00f1o gr\u00e1fico, <em>Nicol\u00e1s Bertona<\/em>\u00a0(AR), dise\u00f1o de logo de la exposici\u00f3n, <em>Daniela Stevens<\/em>\u00a0(MX), community manager, <em>Fernando Colm\u00e1n<\/em>\u00a0(PY), investigaci\u00f3n, <em>Erico Marmiroli<\/em>\u00a0(BR), encargado de prensa, <em>Ligia Tortella<\/em>\u00a0(BR), productora, <em>Iano Ahmed\u00a0<\/em>(BR) y\u00a0<em>Rhaldexandro Bernardo Dos Santos Junior<\/em>\u00a0(BR), montaje, y <em>Fernanda Ferreira\u00a0<\/em>(BR), educativo.<\/p>\n\n\n\n<figure class=\"wp-block-image\"><a href=\"https:\/\/www.guillerminabustos.net\/sitio\/2012\/12\/21\/arte-avanzado\/\" target=\"_blank\" rel=\"noreferrer noopener\"><img loading=\"lazy\" decoding=\"async\" width=\"1024\" height=\"361\" src=\"https:\/\/www.guillerminabustos.net\/sitio\/wp-content\/uploads\/2016\/05\/Flyer-1024x361.jpg\" alt=\"Flyer\" class=\"wp-image-63\" srcset=\"https:\/\/www.guillerminabustos.net\/sitio\/wp-content\/uploads\/2016\/05\/Flyer-1024x361.jpg 1024w, https:\/\/www.guillerminabustos.net\/sitio\/wp-content\/uploads\/2016\/05\/Flyer-300x106.jpg 300w, https:\/\/www.guillerminabustos.net\/sitio\/wp-content\/uploads\/2016\/05\/Flyer-768x271.jpg 768w, https:\/\/www.guillerminabustos.net\/sitio\/wp-content\/uploads\/2016\/05\/Flyer-600x212.jpg 600w\" sizes=\"auto, (max-width: 1024px) 100vw, 1024px\" \/><\/a><\/figure>\n\n\n\n<p style=\"font-size:14px\"><strong><em><span style=\"text-decoration: underline;\">A<\/span><a href=\"https:\/\/www.guillerminabustos.net\/sitio\/2012\/12\/21\/arte-avanzado\/\" target=\"_blank\" rel=\"noreferrer noopener\">rte avanzado<\/a><\/em> <\/strong>(2012)<strong><br><\/strong><br>Eduardo Moisset de Espan\u00e9s, Celeste Mart\u00ednez, Lucas Di Pascuale, Ayl\u00e9n Crusta, &nbsp;Jimena El\u00edas (Munino), Jos\u00e9 Pizarro, Cecilia Ricahrd, Noel de C\u00e1ndido,&nbsp; Casa Trece,&nbsp;AFUERA! (CCEC), Taller del Penal San Mart\u00edn, y &nbsp;Fresco Taller Gr\u00e1fico.<br>&nbsp;<br>Curador\u00eda y coordinaci\u00f3n: Guillermina Bustos, Juan Gugger, Manuel Molina y Paz Chasseing.<br><br>[Argentina]<\/p>\n\n\n\n<figure class=\"wp-block-image\"><a href=\"https:\/\/www.guillerminabustos.net\/sitio\/2013\/09\/22\/limbo\/\" target=\"_blank\" rel=\"noreferrer noopener\"><img loading=\"lazy\" decoding=\"async\" width=\"200\" height=\"300\" src=\"https:\/\/www.guillerminabustos.net\/sitio\/wp-content\/uploads\/2016\/05\/1236675_10202009250023052_1633821817_n-200x300.jpg\" alt=\"1236675_10202009250023052_1633821817_n\" class=\"wp-image-72\" srcset=\"https:\/\/www.guillerminabustos.net\/sitio\/wp-content\/uploads\/2016\/05\/1236675_10202009250023052_1633821817_n-200x300.jpg 200w, https:\/\/www.guillerminabustos.net\/sitio\/wp-content\/uploads\/2016\/05\/1236675_10202009250023052_1633821817_n.jpg 641w\" sizes=\"auto, (max-width: 200px) 100vw, 200px\" \/><\/a><\/figure>\n\n\n\n<p style=\"font-size:14px\"><em><a href=\"https:\/\/www.guillerminabustos.net\/sitio\/2013\/09\/22\/limbo\/\" target=\"_blank\" rel=\"noreferrer noopener\">limbo<\/a><\/em> (2013)<br><strong>Ignacio Bustos, Brenda Ponzi y Cesar Tosoroni.<\/strong> <br><br>[Argentina]<\/p>\n\n\n\n<figure class=\"wp-block-image\"><a href=\"https:\/\/www.facebook.com\/media\/set\/?set=a.1790764821146652.1073741871.1388690368020768&amp;type=3\" target=\"_blank\" rel=\"noreferrer noopener\"><img loading=\"lazy\" decoding=\"async\" width=\"300\" height=\"174\" src=\"https:\/\/www.guillerminabustos.net\/sitio\/wp-content\/uploads\/2016\/05\/13102767_1784357321787402_3478909612918030873_n-300x174.jpg\" alt=\"13102767_1784357321787402_3478909612918030873_n\" class=\"wp-image-66\" srcset=\"https:\/\/www.guillerminabustos.net\/sitio\/wp-content\/uploads\/2016\/05\/13102767_1784357321787402_3478909612918030873_n-300x174.jpg 300w, https:\/\/www.guillerminabustos.net\/sitio\/wp-content\/uploads\/2016\/05\/13102767_1784357321787402_3478909612918030873_n-768x446.jpg 768w, https:\/\/www.guillerminabustos.net\/sitio\/wp-content\/uploads\/2016\/05\/13102767_1784357321787402_3478909612918030873_n.jpg 960w, https:\/\/www.guillerminabustos.net\/sitio\/wp-content\/uploads\/2016\/05\/13102767_1784357321787402_3478909612918030873_n-516x300.jpg 516w\" sizes=\"auto, (max-width: 300px) 100vw, 300px\" \/><\/a><\/figure>\n\n\n\n<p style=\"font-size:14px\"><em><a href=\"https:\/\/www.facebook.com\/media\/set\/?set=a.1790764821146652.1073741871.1388690368020768&amp;type=3\" target=\"_blank\" rel=\"noreferrer noopener\">episodio 1 \/ temporada 3<\/a><\/em> (2016)<br><br>Sebasti\u00e1n Zelaya, Emilia Rojas, Natalia de Le\u00f3n,&nbsp;Bruno Brandolino, Guillermo Contreres, Santi Grandal, Colectivo Expuesto, Andrea Uzal,&nbsp;Claudia Ugolini, M\u00f3nica Tomeo, Colectivo UNO, Ana Micenmacher, Cristian Alex&nbsp;Andrade Spilman y Luisho D\u00edaz.&nbsp;<br><br>Curador\u00eda y coordinaci\u00f3n: Jorge Sep\u00falveda T. y Guillermina Bustos.<br><br>[Uruguay]<\/p>\n\n\n\n<figure class=\"wp-block-image\"><a href=\"http:\/\/www.curatoriaforense.net\/niued\/?p=2639\" target=\"_blank\" rel=\"noreferrer noopener\"><img loading=\"lazy\" decoding=\"async\" width=\"300\" height=\"300\" src=\"https:\/\/www.guillerminabustos.net\/sitio\/wp-content\/uploads\/2016\/05\/lorraine_green-300x300.png\" alt=\"lorraine_green-300x300\" class=\"wp-image-70\" srcset=\"https:\/\/www.guillerminabustos.net\/sitio\/wp-content\/uploads\/2016\/05\/lorraine_green-300x300.png 300w, https:\/\/www.guillerminabustos.net\/sitio\/wp-content\/uploads\/2016\/05\/lorraine_green-300x300-150x150.png 150w\" sizes=\"auto, (max-width: 300px) 100vw, 300px\" \/><\/a><\/figure>\n\n\n\n<p style=\"font-size:14px\"><a href=\"http:\/\/www.curatoriaforense.net\/niued\/?p=2639\"><em>el nombre de lo que escapa<\/em><\/a> (2016)<br><a href=\"http:\/\/www.curatoriaforense.net\/niued\/?p=2639\"><strong>Lorraine Grren<\/strong><\/a><br><br>Curador\u00eda y coordinaci\u00f3n: Jorge Sep\u00falveda T. y Guillermina Bustos.<br><br><a href=\"http:\/\/www.curatoriaforense.net\/niued\/?p=2639\">[Argentina]<\/a><\/p>\n\n\n\n<p style=\"font-size:14px\">&nbsp;<\/p>\n\n\n<\/p>\n<\/p>","protected":false},"excerpt":{"rendered":"<p>Si quieres ir lejos, ve en grupo (2025) Artistas: Gabriela Antezon (Buenos Aires, Argentina), Nicol\u00e1s Bertona (Buenos Aires, Argentina), Mariana Fuentes Zamorano (Buenos Aires, Argentina), Luis Lujan (Chihuahua, M\u00e9xico), Mafer Ortiz (Lima, Per\u00fa), Yoalli Quetzal Alfaro (Ciudad de M\u00e9xico), y Elisabeth Verdugo (Neuqu\u00e9n, Argentina). Curador\u00eda y coordinaci\u00f3n: Guillermina Bustos, Federico de la Puente y Jorge [&hellip;]<\/p>\n","protected":false},"author":1,"featured_media":0,"parent":0,"menu_order":19,"comment_status":"closed","ping_status":"closed","template":"","meta":{"_exactmetrics_skip_tracking":false,"_exactmetrics_sitenote_active":false,"_exactmetrics_sitenote_note":"","_exactmetrics_sitenote_category":0,"footnotes":""},"class_list":["post-62","page","type-page","status-publish","hentry","missing-thumbnail"],"_links":{"self":[{"href":"https:\/\/www.guillerminabustos.net\/sitio\/wp-json\/wp\/v2\/pages\/62","targetHints":{"allow":["GET"]}}],"collection":[{"href":"https:\/\/www.guillerminabustos.net\/sitio\/wp-json\/wp\/v2\/pages"}],"about":[{"href":"https:\/\/www.guillerminabustos.net\/sitio\/wp-json\/wp\/v2\/types\/page"}],"author":[{"embeddable":true,"href":"https:\/\/www.guillerminabustos.net\/sitio\/wp-json\/wp\/v2\/users\/1"}],"replies":[{"embeddable":true,"href":"https:\/\/www.guillerminabustos.net\/sitio\/wp-json\/wp\/v2\/comments?post=62"}],"version-history":[{"count":10,"href":"https:\/\/www.guillerminabustos.net\/sitio\/wp-json\/wp\/v2\/pages\/62\/revisions"}],"predecessor-version":[{"id":1795,"href":"https:\/\/www.guillerminabustos.net\/sitio\/wp-json\/wp\/v2\/pages\/62\/revisions\/1795"}],"wp:attachment":[{"href":"https:\/\/www.guillerminabustos.net\/sitio\/wp-json\/wp\/v2\/media?parent=62"}],"curies":[{"name":"wp","href":"https:\/\/api.w.org\/{rel}","templated":true}]}}